{"id":268,"date":"2013-07-10T22:36:38","date_gmt":"2013-07-10T20:36:38","guid":{"rendered":"http:\/\/www.polizeichor-dresden.de\/?page_id=268"},"modified":"2026-02-20T13:24:25","modified_gmt":"2026-02-20T11:24:25","slug":"unsere-fordernden-mitglieder","status":"publish","type":"page","link":"https:\/\/www.polizeichor-dresden.de\/?page_id=268","title":{"rendered":"Unsere F\u00f6rdernden Mitglieder"},"content":{"rendered":"<h3>Wer uns als passives und f\u00f6rderndes Mitglied unterst\u00fctzen m\u00f6chte, kann folgenden Aufnahmeantrag ausf\u00fcllen und uns zukommen lassen:&nbsp;<a href=\"https:\/\/www.polizeichor-dresden.de\/wp-content\/uploads\/2019\/08\/Aufnahmeantrag.pdf\">Aufnahmeantrag Polizeichor Dresden<\/a><\/h3>\n<p>&nbsp;<\/p>\n<p>Ein gro\u00dfes Dankesch\u00f6n gilt auch unseren f\u00f6rdernden Mitglieder, die uns finanziell und aktiv unterst\u00fctzen und immer f\u00fcr uns da sind!<\/p>\n<p>&nbsp;<\/p>\n<p>Hier ein kleines Dankesgedicht geschrieben von unserem f\u00f6rdernden Mitglied Christian Krebs:<\/p>\n<p><a href=\"https:\/\/i0.wp.com\/www.polizeichor-dresden.de\/wp-content\/uploads\/2019\/12\/Gedicht_CKrebs-e1576966400182.png?ssl=1\" rel=\"lightbox[268]\"><img data-attachment-id=\"2182\" data-permalink=\"https:\/\/www.polizeichor-dresden.de\/?attachment_id=2182\" data-orig-file=\"https:\/\/i0.wp.com\/www.polizeichor-dresden.de\/wp-content\/uploads\/2019\/12\/Gedicht_CKrebs-e1576966400182.png?fit=1000%2C564&amp;ssl=1\" data-orig-size=\"1000,564\" data-comments-opened=\"1\" data-image-meta=\"{&quot;aperture&quot;:&quot;0&quot;,&quot;credit&quot;:&quot;&quot;,&quot;camera&quot;:&quot;&quot;,&quot;caption&quot;:&quot;&quot;,&quot;created_timestamp&quot;:&quot;0&quot;,&quot;copyright&quot;:&quot;&quot;,&quot;focal_length&quot;:&quot;0&quot;,&quot;iso&quot;:&quot;0&quot;,&quot;shutter_speed&quot;:&quot;0&quot;,&quot;title&quot;:&quot;&quot;,&quot;orientation&quot;:&quot;0&quot;}\" data-image-title=\"Gedicht_CKrebs\" data-image-description=\"\" data-image-caption=\"\" data-medium-file=\"https:\/\/i0.wp.com\/www.polizeichor-dresden.de\/wp-content\/uploads\/2019\/12\/Gedicht_CKrebs-e1576966400182.png?fit=300%2C169&amp;ssl=1\" data-large-file=\"https:\/\/i0.wp.com\/www.polizeichor-dresden.de\/wp-content\/uploads\/2019\/12\/Gedicht_CKrebs-e1576966400182.png?fit=1024%2C577&amp;ssl=1\" decoding=\"async\" loading=\"lazy\" class=\"size-medium wp-image-2182 aligncenter\" src=\"https:\/\/i0.wp.com\/www.polizeichor-dresden.de\/wp-content\/uploads\/2019\/12\/Gedicht_CKrebs.png?resize=300%2C169&#038;ssl=1\" alt=\"\" width=\"300\" height=\"169\"  data-recalc-dims=\"1\"><\/a><\/p>\n<p>&nbsp;<\/p>\n<p><span style=\"text-decoration: underline;\">Unsere Ehrenmitglieder:<\/span><\/p>\n<p>K\u00e4te Matthes<br \/>\nChristine Hellwig<br \/>\nManfred Schulze<\/p>\n<p>&nbsp;<\/p>\n<p><span style=\"text-decoration: underline;\">Unsere f\u00f6rdernden Mitglieder:<\/span><\/p>\n<p>Andr\u00e4, Wolfgang<br \/>\nAsal, Ute<br \/>\nBalzer, Egmar<br \/>\nBaumann, Martina<br \/>\nBerg, Ute<br \/>\nBerg, Roland<br \/>\nB\u00f6lke, Christine<br \/>\nB\u00f6ttger, Falk<br \/>\nBr\u00fchl, Liane<br \/>\nB\u00fcder, Angelika<br \/>\nBulgrin, Helga<br \/>\nDamm, Cornelia<br \/>\nD\u00e4mmig, Wolfgang<br \/>\nDengler, Konstantin<br \/>\nDidschun, Gisela<br \/>\nEber, Harald<br \/>\nEppeler, Anja<br \/>\nFetter, Christin<br \/>\nFilus, Magdalene<br \/>\nFischer, Hans-J\u00fcrgen<br \/>\nFischer, Margitta<br \/>\nFrey, Clemens<br \/>\nFreyer, Dr. Matthias<br \/>\nGiezelt, Steffi<br \/>\nGrahl, Renate<br \/>\nGro\u00df, Germana<br \/>\nGro\u00df, R\u00fcdiger<br \/>\nGrund, Hannelore<br \/>\nGrund, Frank<br \/>\nG\u00fcnther, Margret<br \/>\nHaag, Peter<br \/>\nHamann, Doris<br \/>\nHeller, Hans-J\u00f6rg<br \/>\nHeller, Katja<br \/>\nHellwig, Christine<br \/>\nHempelt, Regina<br \/>\nHoja, Regina<br \/>\nIllgen, Martina<br \/>\nJelinek, Peter<br \/>\nKaiser, Mattias<br \/>\nKattner, Steffen<br \/>\nKegel, Ingrid<br \/>\nKrebs, Christian<br \/>\nKrebs, Doris<br \/>\nKretzschmar, Hannelore<br \/>\nKretzschmar, Wolfgang<br \/>\nKrischke, Ursula<br \/>\nKubiessa, J\u00f6rg &#x2602;&#xfe0f;<br \/>\nK\u00fchne, Bernd<br \/>\nKunath, Heidi<br \/>\nLehmann, Maritta<br \/>\nLehmann, Gert<br \/>\nLeisner, Karin<br \/>\nLentner, Dr. Anton<br \/>\nLiebetrau, Theodor<br \/>\nMadaus, Gabriele<br \/>\nMader, Uwe<br \/>\nM\u00e4dler, Ute<br \/>\nM\u00e4dler, Claus<br \/>\nMatthes, K\u00e4te<br \/>\nMeichsner-Tottewitz, Eva<br \/>\nMei\u00dfner, Elke<br \/>\nMichaelis, Dr. J\u00f6rg<br \/>\nMillen, Christiane<br \/>\nMoser, Manfred<br \/>\nM\u00fcller, Marion<br \/>\nNikol, Wolfgang<br \/>\nNitzsche, Frank<br \/>\nPapenfu\u00df, Steffi<br \/>\nPetrak, Br\u00fcnhild<br \/>\nPfaender, J\u00fcrgen<br \/>\nPohlmann, Monika<br \/>\nPohlmann, Dieter<br \/>\nQuitzsch, Mario<br \/>\nReckling, Hans-J\u00fcrgen<br \/>\nReichelt, Gerd<br \/>\nRichter, Dr. Wolfram<br \/>\nRiedel, Kerstin<br \/>\nR\u00f6ber, Margit<br \/>\nRobert, Evita<br \/>\nRudolf, Monika<br \/>\nSchlotterer, Rolf<br \/>\nSchmidt, Astrid<br \/>\nSchmidtgen, Helmut<br \/>\nSchneckenburger, Gerd<br \/>\nSchnorr, Doris<br \/>\nScholz, Paul<br \/>\nSchramm, J\u00fcrgen<br \/>\nSchubert, Monika<br \/>\nSchultz, Hans-J\u00fcrgen<br \/>\nSchulz, Monika<br \/>\nSchulze, Manfred<br \/>\nSeifert, Thomas<br \/>\nSocke, Mechthild<br \/>\nStabel, Edda<br \/>\nStohr, Marion<br \/>\nStrobel, Monika<br \/>\nStrobel, Frank<br \/>\nTrademann, Brigitte<br \/>\nTrademann, Reinhardt<br \/>\nUsler-Meise, Heike<br \/>\nVonau, Rainer<br \/>\nWendrich, Joachim<br \/>\nWolf, Dr. Heinz<br \/>\nZimmermann, Bernd<br \/>\nZimmermann, Christine<br \/>\nZimmermann-Quitzsch, Gina<br \/>\nZ\u00f6phel, Claudia<\/p>\n","protected":false},"excerpt":{"rendered":"<p>Wer uns als passives und f\u00f6rderndes Mitglied unterst\u00fctzen m\u00f6chte, kann folgenden Aufnahmeantrag ausf\u00fcllen und uns zukommen lassen:&nbsp;Aufnahmeantrag Polizeichor Dresden &nbsp; Ein gro\u00dfes Dankesch\u00f6n gilt auch unseren f\u00f6rdernden Mitglieder, die uns finanziell und aktiv unterst\u00fctzen und immer f\u00fcr uns da sind! &nbsp; Hier ein kleines Dankesgedicht geschrieben von unserem f\u00f6rdernden Mitglied Christian Krebs: &nbsp; Unsere Ehrenmitglieder: [&hellip;]<\/p>\n","protected":false},"author":2,"featured_media":0,"parent":24,"menu_order":5,"comment_status":"open","ping_status":"open","template":"","meta":{"ngg_post_thumbnail":0,"jetpack_post_was_ever_published":false},"aioseo_notices":[],"jetpack_shortlink":"https:\/\/wp.me\/P32b0X-4k","jetpack_sharing_enabled":true,"_links":{"self":[{"href":"https:\/\/www.polizeichor-dresden.de\/index.php?rest_route=\/wp\/v2\/pages\/268"}],"collection":[{"href":"https:\/\/www.polizeichor-dresden.de\/index.php?rest_route=\/wp\/v2\/pages"}],"about":[{"href":"https:\/\/www.polizeichor-dresden.de\/index.php?rest_route=\/wp\/v2\/types\/page"}],"author":[{"embeddable":true,"href":"https:\/\/www.polizeichor-dresden.de\/index.php?rest_route=\/wp\/v2\/users\/2"}],"replies":[{"embeddable":true,"href":"https:\/\/www.polizeichor-dresden.de\/index.php?rest_route=%2Fwp%2Fv2%2Fcomments&post=268"}],"version-history":[{"count":76,"href":"https:\/\/www.polizeichor-dresden.de\/index.php?rest_route=\/wp\/v2\/pages\/268\/revisions"}],"predecessor-version":[{"id":3417,"href":"https:\/\/www.polizeichor-dresden.de\/index.php?rest_route=\/wp\/v2\/pages\/268\/revisions\/3417"}],"up":[{"embeddable":true,"href":"https:\/\/www.polizeichor-dresden.de\/index.php?rest_route=\/wp\/v2\/pages\/24"}],"wp:attachment":[{"href":"https:\/\/www.polizeichor-dresden.de\/index.php?rest_route=%2Fwp%2Fv2%2Fmedia&parent=268"}],"curies":[{"name":"wp","href":"https:\/\/api.w.org\/{rel}","templated":true}]}}